{"id":3669,"date":"2024-06-21T15:13:26","date_gmt":"2024-06-21T13:13:26","guid":{"rendered":"https:\/\/natationazur.fr\/nice\/?page_id=3669"},"modified":"2025-07-15T18:32:41","modified_gmt":"2025-07-15T16:32:41","slug":"japprends-a-nager","status":"publish","type":"page","link":"https:\/\/natationazur.fr\/nice\/japprends-a-nager\/","title":{"rendered":"J&rsquo;apprends \u00e0 Nager"},"content":{"rendered":"\t\t<div data-elementor-type=\"wp-page\" data-elementor-id=\"3669\" class=\"elementor elementor-3669\">\n\t\t\t\t<div class=\"elementor-element elementor-element-873433c e-con-full e-flex e-con e-parent\" data-id=\"873433c\" data-element_type=\"container\" data-settings=\"{&quot;background_background&quot;:&quot;classic&quot;}\">\n\t\t\t\t<div class=\"elementor-element elementor-element-bd9eb4d elementor-widget__width-initial elementor-invisible elementor-widget elementor-widget-text-editor\" data-id=\"bd9eb4d\" data-element_type=\"widget\" data-settings=\"{&quot;_animation&quot;:&quot;fadeInUp&quot;}\" data-widget_type=\"text-editor.default\">\n\t\t\t\t<div class=\"elementor-widget-container\">\n\t\t\t<style>\/*! elementor - v3.21.0 - 08-05-2024 *\/\n.elementor-widget-text-editor.elementor-drop-cap-view-stacked .elementor-drop-cap{background-color:#69727d;color:#fff}.elementor-widget-text-editor.elementor-drop-cap-view-framed .elementor-drop-cap{color:#69727d;border:3px solid;background-color:transparent}.elementor-widget-text-editor:not(.elementor-drop-cap-view-default) .elementor-drop-cap{margin-top:8px}.elementor-widget-text-editor:not(.elementor-drop-cap-view-default) .elementor-drop-cap-letter{width:1em;height:1em}.elementor-widget-text-editor .elementor-drop-cap{float:left;text-align:center;line-height:1;font-size:50px}.elementor-widget-text-editor .elementor-drop-cap-letter{display:inline-block}<\/style>\t\t\t\t<h1>J&rsquo;APPRENDS \u00c0 NAGER<\/h1><p style=\"text-align: center;\"><span class=\"type--uppercase\" style=\"color: #1e3782;\"><b>APPRENTISSAGE GRATUIT DE LA NATATION\u00a0<\/b><\/span><\/p><p style=\"text-align: center;\"><span style=\"color: #1e3782;\">Nice Natation Azur est impliqu\u00e9 dans l\u2019acquisition du Savoir-Nager ; v\u00e9ritable enjeu de soci\u00e9t\u00e9. L\u2019objectif du plan \u00ab J\u2019apprends \u00e0 nager \u00bb, op\u00e9ration citoyenne par excellence, est de permettre aux enfants d\u2019acqu\u00e9rir les comp\u00e9tences n\u00e9cessaires pour \u00e9voluer dans l\u2019eau en toute s\u00e9curit\u00e9. Celles-ci se traduisent par l\u2019obtention du test \u00abSauv\u2019nage\u00bb de l\u2019Ecole de Natation Fran\u00e7aise. Les titulaires de ce dipl\u00f4mes peuvent pratiquer les activit\u00e9s aquatiques mais \u00e9galement nautiques en toute s\u00e9curit\u00e9.<\/span><\/p>\t\t\t\t\t\t<\/div>\n\t\t\t\t<\/div>\n\t\t\t\t<\/div>\n\t\t<div class=\"elementor-element elementor-element-84b6b9a e-flex e-con-boxed e-con e-parent\" data-id=\"84b6b9a\" data-element_type=\"container\">\n\t\t\t\t\t<div class=\"e-con-inner\">\n\t\t<div class=\"elementor-element elementor-element-177d4ba e-con-full e-flex e-con e-child\" data-id=\"177d4ba\" data-element_type=\"container\" data-settings=\"{&quot;background_background&quot;:&quot;classic&quot;}\">\n\t\t\t\t<div class=\"elementor-element elementor-element-45d42d2 elementor-widget elementor-widget-image\" data-id=\"45d42d2\" data-element_type=\"widget\" data-widget_type=\"image.default\">\n\t\t\t\t<div class=\"elementor-widget-container\">\n\t\t\t<style>\/*! elementor - v3.21.0 - 08-05-2024 *\/\n.elementor-widget-image{text-align:center}.elementor-widget-image a{display:inline-block}.elementor-widget-image a img[src$=\".svg\"]{width:48px}.elementor-widget-image img{vertical-align:middle;display:inline-block}<\/style>\t\t\t\t\t\t\t\t\t\t<img fetchpriority=\"high\" decoding=\"async\" width=\"1024\" height=\"681\" src=\"https:\/\/natationazur.fr\/nice\/wp-content\/uploads\/2019\/07\/AdobeStock_64420592-1024x681.jpeg\" class=\"attachment-large size-large wp-image-3104\" alt=\"\" srcset=\"https:\/\/natationazur.fr\/nice\/wp-content\/uploads\/2019\/07\/AdobeStock_64420592-1024x681.jpeg 1024w, https:\/\/natationazur.fr\/nice\/wp-content\/uploads\/2019\/07\/AdobeStock_64420592-300x199.jpeg 300w, https:\/\/natationazur.fr\/nice\/wp-content\/uploads\/2019\/07\/AdobeStock_64420592-768x511.jpeg 768w\" sizes=\"(max-width: 1024px) 100vw, 1024px\" \/>\t\t\t\t\t\t\t\t\t\t\t\t\t<\/div>\n\t\t\t\t<\/div>\n\t\t\t\t<\/div>\n\t\t<div class=\"elementor-element elementor-element-5649bb8 e-con-full e-flex e-con e-child\" data-id=\"5649bb8\" data-element_type=\"container\">\n\t\t\t\t<div class=\"elementor-element elementor-element-c9bd3b2 elementor-widget elementor-widget-text-editor\" data-id=\"c9bd3b2\" data-element_type=\"widget\" data-widget_type=\"text-editor.default\">\n\t\t\t\t<div class=\"elementor-widget-container\">\n\t\t\t\t\t\t\t<h3><span><span style=\"color: #333399;\">OBJECTIFS<\/span><strong><span style=\"color: #333399;\"> \u00ab\u00a0J&rsquo;apprends \u00e0 nager\u00a0\u00bb :<\/span><\/strong><\/span><\/h3><p><span><br \/>R\u00e9duire les in\u00e9galit\u00e9s d\u2019acc\u00e8s \u00e0 la pratique sportive<\/span><span>\u00a0<\/span><span>&#8211; R\u00e9duire le d\u00e9ficit du savoir-nager enregistr\u00e9 sur le territoire<\/span><span>\u00a0<\/span><span>&#8211; Dispenser un savoir-nager s\u00e9curitaire et \u00e9carter le risque de noyade<\/span><span>\u00a0<\/span><span>&#8211; Favoriser l\u2019acc\u00e8s \u00e0 toutes les pratiques aquatiques et nautiques en toute s\u00e9curit\u00e9<\/span><span>\u00a0<\/span><span>&#8211; D\u00e9couvrir les plaisirs de l\u2019eau et de la Natation<\/span><\/p>\t\t\t\t\t\t<\/div>\n\t\t\t\t<\/div>\n\t\t\t\t<\/div>\n\t\t\t\t\t<\/div>\n\t\t\t\t<\/div>\n\t\t<div class=\"elementor-element elementor-element-26507bc e-flex e-con-boxed e-con e-parent\" data-id=\"26507bc\" data-element_type=\"container\">\n\t\t\t\t\t<div class=\"e-con-inner\">\n\t\t<div class=\"elementor-element elementor-element-fb98485 e-con-full e-flex e-con e-child\" data-id=\"fb98485\" data-element_type=\"container\">\n\t\t\t\t<div class=\"elementor-element elementor-element-00167d7 elementor-widget elementor-widget-text-editor\" data-id=\"00167d7\" data-element_type=\"widget\" data-widget_type=\"text-editor.default\">\n\t\t\t\t<div class=\"elementor-widget-container\">\n\t\t\t\t\t\t\t<h3><strong><span style=\"color: #333399;\">CIBLES :<\/span><\/strong><\/h3><p><span>&#8211; Enfants \u00e2g\u00e9s de 6 \u00e0 12 ans ne sachant pas nager<\/span><br \/><span>&#8211; Acc\u00e8s r\u00e9serv\u00e9 \u00e0 Nice aux enfants des ALSH r\u00e9sidant prioritairement dans les Quartiers prioritaires de la Politique de la Ville (QPV) et\/ou dans les Zones de Revitalisation Rurale (ZRR)<\/span><\/p>\t\t\t\t\t\t<\/div>\n\t\t\t\t<\/div>\n\t\t\t\t<\/div>\n\t\t<div class=\"elementor-element elementor-element-4721ed3 e-con-full e-flex e-con e-child\" data-id=\"4721ed3\" data-element_type=\"container\">\n\t\t\t\t<div class=\"elementor-element elementor-element-ca5b9e6 elementor-widget elementor-widget-image\" data-id=\"ca5b9e6\" data-element_type=\"widget\" data-widget_type=\"image.default\">\n\t\t\t\t<div class=\"elementor-widget-container\">\n\t\t\t\t\t\t\t\t\t\t\t\t\t<img decoding=\"async\" width=\"1024\" height=\"683\" src=\"https:\/\/natationazur.fr\/nice\/wp-content\/uploads\/2020\/06\/JAN2-1024x683.jpg\" class=\"attachment-large size-large wp-image-3244\" alt=\"\" srcset=\"https:\/\/natationazur.fr\/nice\/wp-content\/uploads\/2020\/06\/JAN2-1024x683.jpg 1024w, https:\/\/natationazur.fr\/nice\/wp-content\/uploads\/2020\/06\/JAN2-300x200.jpg 300w, https:\/\/natationazur.fr\/nice\/wp-content\/uploads\/2020\/06\/JAN2-768x512.jpg 768w\" sizes=\"(max-width: 1024px) 100vw, 1024px\" \/>\t\t\t\t\t\t\t\t\t\t\t\t\t<\/div>\n\t\t\t\t<\/div>\n\t\t\t\t<\/div>\n\t\t\t\t\t<\/div>\n\t\t\t\t<\/div>\n\t\t<div class=\"elementor-element elementor-element-eb2b5b2 e-flex e-con-boxed e-con e-parent\" data-id=\"eb2b5b2\" data-element_type=\"container\">\n\t\t\t\t\t<div class=\"e-con-inner\">\n\t\t<div class=\"elementor-element elementor-element-8103761 e-con-full e-flex e-con e-child\" data-id=\"8103761\" data-element_type=\"container\">\n\t\t\t\t<div class=\"elementor-element elementor-element-2dfaeec elementor-widget elementor-widget-image\" data-id=\"2dfaeec\" data-element_type=\"widget\" data-widget_type=\"image.default\">\n\t\t\t\t<div class=\"elementor-widget-container\">\n\t\t\t\t\t\t\t\t\t\t\t\t\t<img decoding=\"async\" width=\"1024\" height=\"683\" src=\"https:\/\/natationazur.fr\/nice\/wp-content\/uploads\/2019\/07\/AdobeStock_87606649-1024x683.jpeg\" class=\"attachment-large size-large wp-image-3106\" alt=\"\" srcset=\"https:\/\/natationazur.fr\/nice\/wp-content\/uploads\/2019\/07\/AdobeStock_87606649-1024x683.jpeg 1024w, https:\/\/natationazur.fr\/nice\/wp-content\/uploads\/2019\/07\/AdobeStock_87606649-300x200.jpeg 300w, https:\/\/natationazur.fr\/nice\/wp-content\/uploads\/2019\/07\/AdobeStock_87606649-768x512.jpeg 768w\" sizes=\"(max-width: 1024px) 100vw, 1024px\" \/>\t\t\t\t\t\t\t\t\t\t\t\t\t<\/div>\n\t\t\t\t<\/div>\n\t\t\t\t<\/div>\n\t\t<div class=\"elementor-element elementor-element-884d9fc e-con-full e-flex e-con e-child\" data-id=\"884d9fc\" data-element_type=\"container\">\n\t\t\t\t<div class=\"elementor-element elementor-element-64f945c elementor-widget elementor-widget-text-editor\" data-id=\"64f945c\" data-element_type=\"widget\" data-widget_type=\"text-editor.default\">\n\t\t\t\t<div class=\"elementor-widget-container\">\n\t\t\t\t\t\t\t<h3><strong><span class=\"type--uppercase\" style=\"color: #333399;\">CONCEPT :<\/span><\/strong><\/h3><p><span>Nice natation azur propose un programme d\u2019apprentissage de la natation selon les dispositions suivantes :<\/span><br \/><span>&#8211; Un stage d\u2019apprentissage de la natation de 10 heures avec des s\u00e9ances de 30 minutes \u00e0 1 heure selon le niveau et l\u2019\u00e2ge des enfants<\/span><br \/><span>&#8211; Le groupe est constitu\u00e9 de 8 enfants minimum \u00e0 15 enfants maximum ne sachant pas nager<\/span><br \/><span>&#8211; Les s\u00e9ances de natation sont dispens\u00e9es par un professionnel<\/span><br \/><span>&#8211; Les cours sont gratuits (sur inscription et dans la limite des places disponibles)<\/span><br \/><span>&#8211; A la fin du stage d\u2019apprentissage, les enfants ayant d\u00e9velopp\u00e9 les comp\u00e9tences n\u00e9cessaires sont invit\u00e9s \u00e0 se pr\u00e9senter au test du Sauv\u2019nage.<\/span><\/p>\t\t\t\t\t\t<\/div>\n\t\t\t\t<\/div>\n\t\t\t\t<\/div>\n\t\t\t\t\t<\/div>\n\t\t\t\t<\/div>\n\t\t<div class=\"elementor-element elementor-element-0e0846e e-flex e-con-boxed e-con e-parent\" data-id=\"0e0846e\" data-element_type=\"container\">\n\t\t\t\t\t<div class=\"e-con-inner\">\n\t\t<div class=\"elementor-element elementor-element-51ac876 e-con-full e-flex e-con e-child\" data-id=\"51ac876\" data-element_type=\"container\">\n\t\t\t\t<div class=\"elementor-element elementor-element-e9c24d8 elementor-widget elementor-widget-text-editor\" data-id=\"e9c24d8\" data-element_type=\"widget\" data-widget_type=\"text-editor.default\">\n\t\t\t\t<div class=\"elementor-widget-container\">\n\t\t\t\t\t\t\t<h3><span style=\"color: #333399;\"><strong>HORAIRES :<\/strong><\/span><\/h3><p>De 10h \u00e0 11h et de 11h \u00e0 12h.<\/p><p><strong><span style=\"color: #333399;\">DU LUNDI AU VENDREDI, SEMAINES SOUHAIT\u00c9ES :<\/span><\/strong><br \/>Du 15 au 19 juillet, 21 au 26 juillet, 28 juillet au 2 ao\u00fbt, 4 juillet au 9 ao\u00fbt, 11 au 16 ao\u00fbt, 18 au 23 ao\u00fbt, 25 au 30 ao\u00fbt, 1 au 6 septembre, 8 au 13 septembre, <span>15 au 20 septembre, 22 au 27 septembre, 29 septembre au 4 octobre, 6 au 11 octobre et du 13 au 18 octobre.<\/span><\/p><p><span style=\"color: #333399;\"><strong>TARIF :<\/strong><\/span><br \/>5\u00a0s\u00e9ances \/ semaine gratuites pendant deux semaines\u00a0<\/p><p><strong><span style=\"color: #333399;\">O\u00d9 :<\/span><\/strong><br \/>Au Parc Phoenix \u00e0 Nice ouest, l&rsquo;entr\u00e9e est du c\u00f4t\u00e9 du boulevard Ren\u00e9 Cassin, plus pr\u00e9cis\u00e9ment sur l&rsquo;avenue des Floralies. L&rsquo;acc\u00e8s est facilit\u00e9 par l&rsquo;arr\u00eat de tram Parc Phoenix sur la ligne 2 et aussi l&rsquo;arr\u00eat de bus.<\/p><p><strong><span style=\"color: #333399;\">INSCRIPTIONS :<\/span><\/strong><br \/>En ligne \u00e0 partir du 28 juin :<br \/><a href=\"http:\/\/natationazur.swim-community.fr\">natationazur.swim-community.fr<\/a><br \/>(ensuite appuyer sur le + BLEU en haut \u00e0 droite pour vous inscrire)<br \/>Mail : <a href=\"mailto:contact@natationazur.fr\">contact@natationazur.fr<\/a><br \/>Tel. : 06 80 58 34 39<\/p>\t\t\t\t\t\t<\/div>\n\t\t\t\t<\/div>\n\t\t\t\t<\/div>\n\t\t<div class=\"elementor-element elementor-element-e9d1a96 e-con-full e-flex e-con e-child\" data-id=\"e9d1a96\" data-element_type=\"container\" data-settings=\"{&quot;background_background&quot;:&quot;classic&quot;}\">\n\t\t\t\t<div class=\"elementor-element elementor-element-34b8330 elementor-widget elementor-widget-image\" data-id=\"34b8330\" data-element_type=\"widget\" data-widget_type=\"image.default\">\n\t\t\t\t<div class=\"elementor-widget-container\">\n\t\t\t\t\t\t\t\t\t\t\t\t\t<img loading=\"lazy\" decoding=\"async\" width=\"1024\" height=\"668\" src=\"https:\/\/natationazur.fr\/nice\/wp-content\/uploads\/2019\/07\/AdobeStock_119006957-1024x668.jpeg\" class=\"attachment-large size-large wp-image-3107\" alt=\"\" srcset=\"https:\/\/natationazur.fr\/nice\/wp-content\/uploads\/2019\/07\/AdobeStock_119006957-1024x668.jpeg 1024w, https:\/\/natationazur.fr\/nice\/wp-content\/uploads\/2019\/07\/AdobeStock_119006957-300x196.jpeg 300w, https:\/\/natationazur.fr\/nice\/wp-content\/uploads\/2019\/07\/AdobeStock_119006957-768x501.jpeg 768w\" sizes=\"(max-width: 1024px) 100vw, 1024px\" \/>\t\t\t\t\t\t\t\t\t\t\t\t\t<\/div>\n\t\t\t\t<\/div>\n\t\t\t\t<\/div>\n\t\t\t\t\t<\/div>\n\t\t\t\t<\/div>\n\t\t\t\t<\/div>\n\t\t","protected":false},"excerpt":{"rendered":"<p>J&rsquo;APPRENDS \u00c0 NAGER APPRENTISSAGE GRATUIT DE LA NATATION\u00a0 Nice Natation Azur est impliqu\u00e9 dans l\u2019acquisition du Savoir-Nager ; v\u00e9ritable enjeu de soci\u00e9t\u00e9&#8230;.<\/p>\n","protected":false},"author":1,"featured_media":0,"parent":0,"menu_order":0,"comment_status":"closed","ping_status":"closed","template":"elementor_header_footer","meta":{"footnotes":""},"aioseo_notices":[],"_links":{"self":[{"href":"https:\/\/natationazur.fr\/nice\/wp-json\/wp\/v2\/pages\/3669"}],"collection":[{"href":"https:\/\/natationazur.fr\/nice\/wp-json\/wp\/v2\/pages"}],"about":[{"href":"https:\/\/natationazur.fr\/nice\/wp-json\/wp\/v2\/types\/page"}],"author":[{"embeddable":true,"href":"https:\/\/natationazur.fr\/nice\/wp-json\/wp\/v2\/users\/1"}],"replies":[{"embeddable":true,"href":"https:\/\/natationazur.fr\/nice\/wp-json\/wp\/v2\/comments?post=3669"}],"version-history":[{"count":52,"href":"https:\/\/natationazur.fr\/nice\/wp-json\/wp\/v2\/pages\/3669\/revisions"}],"predecessor-version":[{"id":3964,"href":"https:\/\/natationazur.fr\/nice\/wp-json\/wp\/v2\/pages\/3669\/revisions\/3964"}],"wp:attachment":[{"href":"https:\/\/natationazur.fr\/nice\/wp-json\/wp\/v2\/media?parent=3669"}],"curies":[{"name":"wp","href":"https:\/\/api.w.org\/{rel}","templated":true}]}}